{"id":346,"date":"2024-07-02T13:54:21","date_gmt":"2024-07-02T11:54:21","guid":{"rendered":"https:\/\/www.vitaevino.org\/home\/"},"modified":"2025-02-28T15:37:16","modified_gmt":"2025-02-28T14:37:16","slug":"home","status":"publish","type":"page","link":"https:\/\/www.vitaevino.org\/fr\/","title":{"rendered":"La D\u00e9claration"},"content":{"rendered":"","protected":false},"excerpt":{"rendered":"","protected":false},"author":1,"featured_media":45,"parent":0,"menu_order":0,"comment_status":"closed","ping_status":"closed","template":"src\/pages-templates\/home.php","meta":{"_acf_changed":false,"inline_featured_image":false,"footnotes":""},"class_list":["post-346","page","type-page","status-publish","has-post-thumbnail","hentry"],"acf":[],"yoast_head":"<!-- This site is optimized with the Yoast SEO plugin v26.6 - https:\/\/yoast.com\/wordpress\/plugins\/seo\/ -->\n<title>Vit\u00e6vino, D\u00e9fendre la culture du vin et sa convivialit\u00e9<\/title>\n<meta name=\"description\" content=\"En signant la D\u00e9claration sur le vin, vous soutenez le vin en tant que symbole de convivialit\u00e9, son r\u00f4le historique, \u00e9conomique et culturel, et vous vous prononcez en faveur d&#039;une consommation mod\u00e9r\u00e9e dans le cadre d&#039;un mode de vie sain.\" \/>\n<meta name=\"robots\" content=\"index, follow, max-snippet:-1, max-image-preview:large, max-video-preview:-1\" \/>\n<link rel=\"canonical\" href=\"https:\/\/www.vitaevino.org\/fr\/\" \/>\n<meta property=\"og:locale\" content=\"fr_FR\" \/>\n<meta property=\"og:type\" content=\"article\" \/>\n<meta property=\"og:title\" content=\"Vit\u00e6vino, D\u00e9fendre la culture du vin et sa convivialit\u00e9\" \/>\n<meta property=\"og:description\" content=\"En signant la D\u00e9claration sur le vin, vous soutenez le vin en tant que symbole de convivialit\u00e9, son r\u00f4le historique, \u00e9conomique et culturel, et vous vous prononcez en faveur d&#039;une consommation mod\u00e9r\u00e9e dans le cadre d&#039;un mode de vie sain.\" \/>\n<meta property=\"og:url\" content=\"https:\/\/www.vitaevino.org\/fr\/\" \/>\n<meta property=\"og:site_name\" content=\"Vit\u00e6vino\" \/>\n<meta property=\"article:modified_time\" content=\"2025-02-28T14:37:16+00:00\" \/>\n<meta property=\"og:image\" content=\"https:\/\/www.vitaevino.org\/wp-content\/uploads\/2024\/07\/vitaevino-share.jpg\" \/>\n\t<meta property=\"og:image:width\" content=\"1200\" \/>\n\t<meta property=\"og:image:height\" content=\"675\" \/>\n\t<meta property=\"og:image:type\" content=\"image\/jpeg\" \/>\n<meta name=\"twitter:card\" content=\"summary_large_image\" \/>\n<meta name=\"twitter:label1\" content=\"Dur\u00e9e de lecture estim\u00e9e\" \/>\n\t<meta name=\"twitter:data1\" content=\"1 minute\" \/>\n<script type=\"application\/ld+json\" class=\"yoast-schema-graph\">{\"@context\":\"https:\/\/schema.org\",\"@graph\":[{\"@type\":\"WebPage\",\"@id\":\"https:\/\/www.vitaevino.org\/fr\/\",\"url\":\"https:\/\/www.vitaevino.org\/fr\/\",\"name\":\"Vit\u00e6vino, D\u00e9fendre la culture du vin et sa convivialit\u00e9\",\"isPartOf\":{\"@id\":\"https:\/\/www.vitaevino.org\/fr\/#website\"},\"primaryImageOfPage\":{\"@id\":\"https:\/\/www.vitaevino.org\/fr\/#primaryimage\"},\"image\":{\"@id\":\"https:\/\/www.vitaevino.org\/fr\/#primaryimage\"},\"thumbnailUrl\":\"https:\/\/www.vitaevino.org\/wp-content\/uploads\/2024\/07\/vitaevino-share.jpg\",\"datePublished\":\"2024-07-02T11:54:21+00:00\",\"dateModified\":\"2025-02-28T14:37:16+00:00\",\"description\":\"En signant la D\u00e9claration sur le vin, vous soutenez le vin en tant que symbole de convivialit\u00e9, son r\u00f4le historique, \u00e9conomique et culturel, et vous vous prononcez en faveur d'une consommation mod\u00e9r\u00e9e dans le cadre d'un mode de vie sain.\",\"breadcrumb\":{\"@id\":\"https:\/\/www.vitaevino.org\/fr\/#breadcrumb\"},\"inLanguage\":\"fr-FR\",\"potentialAction\":[{\"@type\":\"ReadAction\",\"target\":[\"https:\/\/www.vitaevino.org\/fr\/\"]}]},{\"@type\":\"ImageObject\",\"inLanguage\":\"fr-FR\",\"@id\":\"https:\/\/www.vitaevino.org\/fr\/#primaryimage\",\"url\":\"https:\/\/www.vitaevino.org\/wp-content\/uploads\/2024\/07\/vitaevino-share.jpg\",\"contentUrl\":\"https:\/\/www.vitaevino.org\/wp-content\/uploads\/2024\/07\/vitaevino-share.jpg\",\"width\":1200,\"height\":675},{\"@type\":\"BreadcrumbList\",\"@id\":\"https:\/\/www.vitaevino.org\/fr\/#breadcrumb\",\"itemListElement\":[{\"@type\":\"ListItem\",\"position\":1,\"name\":\"Home\",\"item\":\"https:\/\/www.vitaevino.org\/fr\/\"},{\"@type\":\"ListItem\",\"position\":2,\"name\":\"La D\u00e9claration\"}]},{\"@type\":\"WebSite\",\"@id\":\"https:\/\/www.vitaevino.org\/fr\/#website\",\"url\":\"https:\/\/www.vitaevino.org\/fr\/\",\"name\":\"Vit\u00e6vino\",\"description\":\"Defend wine culture and conviviality\",\"publisher\":{\"@id\":\"https:\/\/www.vitaevino.org\/fr\/#organization\"},\"potentialAction\":[{\"@type\":\"SearchAction\",\"target\":{\"@type\":\"EntryPoint\",\"urlTemplate\":\"https:\/\/www.vitaevino.org\/fr\/?s={search_term_string}\"},\"query-input\":{\"@type\":\"PropertyValueSpecification\",\"valueRequired\":true,\"valueName\":\"search_term_string\"}}],\"inLanguage\":\"fr-FR\"},{\"@type\":\"Organization\",\"@id\":\"https:\/\/www.vitaevino.org\/fr\/#organization\",\"name\":\"Vit\u00e6vino\",\"url\":\"https:\/\/www.vitaevino.org\/fr\/\",\"logo\":{\"@type\":\"ImageObject\",\"inLanguage\":\"fr-FR\",\"@id\":\"https:\/\/www.vitaevino.org\/fr\/#\/schema\/logo\/image\/\",\"url\":\"https:\/\/www.vitaevino.org\/wp-content\/uploads\/2024\/07\/VitaeVino_Logo_Regular.jpg\",\"contentUrl\":\"https:\/\/www.vitaevino.org\/wp-content\/uploads\/2024\/07\/VitaeVino_Logo_Regular.jpg\",\"width\":2458,\"height\":657,\"caption\":\"Vit\u00e6vino\"},\"image\":{\"@id\":\"https:\/\/www.vitaevino.org\/fr\/#\/schema\/logo\/image\/\"}}]}<\/script>\n<!-- \/ Yoast SEO plugin. -->","yoast_head_json":{"title":"Vit\u00e6vino, D\u00e9fendre la culture du vin et sa convivialit\u00e9","description":"En signant la D\u00e9claration sur le vin, vous soutenez le vin en tant que symbole de convivialit\u00e9, son r\u00f4le historique, \u00e9conomique et culturel, et vous vous prononcez en faveur d'une consommation mod\u00e9r\u00e9e dans le cadre d'un mode de vie sain.","robots":{"index":"index","follow":"follow","max-snippet":"max-snippet:-1","max-image-preview":"max-image-preview:large","max-video-preview":"max-video-preview:-1"},"canonical":"https:\/\/www.vitaevino.org\/fr\/","og_locale":"fr_FR","og_type":"article","og_title":"Vit\u00e6vino, D\u00e9fendre la culture du vin et sa convivialit\u00e9","og_description":"En signant la D\u00e9claration sur le vin, vous soutenez le vin en tant que symbole de convivialit\u00e9, son r\u00f4le historique, \u00e9conomique et culturel, et vous vous prononcez en faveur d'une consommation mod\u00e9r\u00e9e dans le cadre d'un mode de vie sain.","og_url":"https:\/\/www.vitaevino.org\/fr\/","og_site_name":"Vit\u00e6vino","article_modified_time":"2025-02-28T14:37:16+00:00","og_image":[{"width":1200,"height":675,"url":"https:\/\/www.vitaevino.org\/wp-content\/uploads\/2024\/07\/vitaevino-share.jpg","type":"image\/jpeg"}],"twitter_card":"summary_large_image","twitter_misc":{"Dur\u00e9e de lecture estim\u00e9e":"1 minute"},"schema":{"@context":"https:\/\/schema.org","@graph":[{"@type":"WebPage","@id":"https:\/\/www.vitaevino.org\/fr\/","url":"https:\/\/www.vitaevino.org\/fr\/","name":"Vit\u00e6vino, D\u00e9fendre la culture du vin et sa convivialit\u00e9","isPartOf":{"@id":"https:\/\/www.vitaevino.org\/fr\/#website"},"primaryImageOfPage":{"@id":"https:\/\/www.vitaevino.org\/fr\/#primaryimage"},"image":{"@id":"https:\/\/www.vitaevino.org\/fr\/#primaryimage"},"thumbnailUrl":"https:\/\/www.vitaevino.org\/wp-content\/uploads\/2024\/07\/vitaevino-share.jpg","datePublished":"2024-07-02T11:54:21+00:00","dateModified":"2025-02-28T14:37:16+00:00","description":"En signant la D\u00e9claration sur le vin, vous soutenez le vin en tant que symbole de convivialit\u00e9, son r\u00f4le historique, \u00e9conomique et culturel, et vous vous prononcez en faveur d'une consommation mod\u00e9r\u00e9e dans le cadre d'un mode de vie sain.","breadcrumb":{"@id":"https:\/\/www.vitaevino.org\/fr\/#breadcrumb"},"inLanguage":"fr-FR","potentialAction":[{"@type":"ReadAction","target":["https:\/\/www.vitaevino.org\/fr\/"]}]},{"@type":"ImageObject","inLanguage":"fr-FR","@id":"https:\/\/www.vitaevino.org\/fr\/#primaryimage","url":"https:\/\/www.vitaevino.org\/wp-content\/uploads\/2024\/07\/vitaevino-share.jpg","contentUrl":"https:\/\/www.vitaevino.org\/wp-content\/uploads\/2024\/07\/vitaevino-share.jpg","width":1200,"height":675},{"@type":"BreadcrumbList","@id":"https:\/\/www.vitaevino.org\/fr\/#breadcrumb","itemListElement":[{"@type":"ListItem","position":1,"name":"Home","item":"https:\/\/www.vitaevino.org\/fr\/"},{"@type":"ListItem","position":2,"name":"La D\u00e9claration"}]},{"@type":"WebSite","@id":"https:\/\/www.vitaevino.org\/fr\/#website","url":"https:\/\/www.vitaevino.org\/fr\/","name":"Vit\u00e6vino","description":"Defend wine culture and conviviality","publisher":{"@id":"https:\/\/www.vitaevino.org\/fr\/#organization"},"potentialAction":[{"@type":"SearchAction","target":{"@type":"EntryPoint","urlTemplate":"https:\/\/www.vitaevino.org\/fr\/?s={search_term_string}"},"query-input":{"@type":"PropertyValueSpecification","valueRequired":true,"valueName":"search_term_string"}}],"inLanguage":"fr-FR"},{"@type":"Organization","@id":"https:\/\/www.vitaevino.org\/fr\/#organization","name":"Vit\u00e6vino","url":"https:\/\/www.vitaevino.org\/fr\/","logo":{"@type":"ImageObject","inLanguage":"fr-FR","@id":"https:\/\/www.vitaevino.org\/fr\/#\/schema\/logo\/image\/","url":"https:\/\/www.vitaevino.org\/wp-content\/uploads\/2024\/07\/VitaeVino_Logo_Regular.jpg","contentUrl":"https:\/\/www.vitaevino.org\/wp-content\/uploads\/2024\/07\/VitaeVino_Logo_Regular.jpg","width":2458,"height":657,"caption":"Vit\u00e6vino"},"image":{"@id":"https:\/\/www.vitaevino.org\/fr\/#\/schema\/logo\/image\/"}}]}},"_links":{"self":[{"href":"https:\/\/www.vitaevino.org\/fr\/wp-json\/wp\/v2\/pages\/346","targetHints":{"allow":["GET"]}}],"collection":[{"href":"https:\/\/www.vitaevino.org\/fr\/wp-json\/wp\/v2\/pages"}],"about":[{"href":"https:\/\/www.vitaevino.org\/fr\/wp-json\/wp\/v2\/types\/page"}],"author":[{"embeddable":true,"href":"https:\/\/www.vitaevino.org\/fr\/wp-json\/wp\/v2\/users\/1"}],"replies":[{"embeddable":true,"href":"https:\/\/www.vitaevino.org\/fr\/wp-json\/wp\/v2\/comments?post=346"}],"version-history":[{"count":16,"href":"https:\/\/www.vitaevino.org\/fr\/wp-json\/wp\/v2\/pages\/346\/revisions"}],"predecessor-version":[{"id":22689,"href":"https:\/\/www.vitaevino.org\/fr\/wp-json\/wp\/v2\/pages\/346\/revisions\/22689"}],"wp:featuredmedia":[{"embeddable":true,"href":"https:\/\/www.vitaevino.org\/fr\/wp-json\/wp\/v2\/media\/45"}],"wp:attachment":[{"href":"https:\/\/www.vitaevino.org\/fr\/wp-json\/wp\/v2\/media?parent=346"}],"curies":[{"name":"wp","href":"https:\/\/api.w.org\/{rel}","templated":true}]}}